  {"id":15101,"date":"2023-11-21T12:47:32","date_gmt":"2023-11-21T17:47:32","guid":{"rendered":"https:\/\/www.yorku.ca\/about\/?page_id=15101"},"modified":"2025-12-12T11:30:48","modified_gmt":"2025-12-12T16:30:48","slug":"national-day-remembrance","status":"publish","type":"page","link":"https:\/\/www.yorku.ca\/about\/national-day-remembrance\/","title":{"rendered":"National Day of Remembrance and Action on Violence Against Women"},"content":{"rendered":"\n<p>December 6 is the National Day of Remembrance and Action on Violence Against Women, a time to remember the lives lost and acknowledge the ongoing impact of gender-based violence. As we reflect, we also reaffirm our collective responsibility to stand with survivors, raise awareness, and confront the deep-rooted norms that sustain violence and hate.\u200b<\/p>\n\n\n\n<p>快播视频 will hold a <a href=\"https:\/\/events.yorku.ca\/events\/national-day-of-remembrance-and-action-on-violence-against-women\/?occurrence=2025-12-05\">memorial ceremony<\/a> in honour of the 14 women killed at Polytechnique Montr\u00e9al on December 6, 1989: Genevi\u00e8ve Bergeron, H\u00e9l\u00e8ne Colgan, Nathalie Croteau, Barbara Daigneault, Anne-Marie Edward, Maud Haviernick, Maryse Lagani\u00e8re, Maryse Leclair, Anne-Marie Lemay, Sonia Pelletier, Mich\u00e8le Richard, Annie St-Arneault, Annie Turcotte, and Barbara Klucznik-Widajewicz.\u200b<\/p>\n\n\n\n<p>The event will take place at the Bergeron Centre for Engineering Excellence on Dec. 5, 2025, from 10:30 to 11:30 a.m. Community members at Glendon and Markham Campuses are encouraged to gather for the livestream at their respective locations: the Ballroom in Glendon Manor and room MK2050 at Markham. The memorial ceremony, along with other events planned for the\u202f<a href=\"https:\/\/thecentre.yorku.ca\/16-days-of-activism\" target=\"_blank\" rel=\"noreferrer noopener\">16 Days of Activism Against Gender-Based Violence<\/a>, aims to honour those who have been lost and inspire the community to take meaningful action and support those in need.\u200b&nbsp;<\/p>\n\n\n\n<p>In solidarity, please consider wearing a white ribbon as a symbol of your commitment to ending gender-based violence. Ribbons will be available at the memorial ceremony and live stream viewing locations on December 5.&nbsp;&nbsp;<\/p>\n\n\n\n<p>As a gesture of respect and remembrance, flags across campus will be lowered to half-mast.\u200b Community members can also download the National Day of Remembrance\u202f<a href=\"https:\/\/yuoffice.sharepoint.com\/sites\/YORK-CPA-UniversityBrandMarketing\/Shared%20Documents\/Brand%20Website%20Content\/Assets%20and%20Downloads\/Zoom%20Backgrounds\/25079_NtnlDayRembrance_ZoomBkgrnd.png?CT=1763738608868&amp;OR=OWA-NT-Mail&amp;CID=a57e2607-6260-e128-2cd8-7c6e14c2309f&amp;csf=1&amp;web=1&amp;e=BrRvhw\" target=\"_blank\" rel=\"noreferrer noopener\">Zoom background<\/a>.\u200b&nbsp;<\/p>\n\n\n\n<div style=\"height:10px\" aria-hidden=\"true\" class=\"wp-block-spacer\"><\/div>\n\n\n\n<div style=\"height:30px\" aria-hidden=\"true\" class=\"wp-block-spacer\"><\/div>\n\n\n\n<div class=\"wp-block-columns card-deck aspect-ratio is-layout-flex wp-container-core-columns-is-layout-9d6595d7 wp-block-columns-is-layout-flex\">\n<div class=\"wp-block-column card rounded-0 is-layout-flow wp-block-column-is-layout-flow\">\n<figure class=\"wp-block-image size-full mb-0\"><img loading=\"lazy\" decoding=\"async\" width=\"590\" height=\"332\" src=\"https:\/\/www.yorku.ca\/about\/wp-content\/uploads\/sites\/23\/2023\/11\/Homepage-NewsExplore-x2-98-1.png\" alt=\"\" class=\"wp-image-15111\" srcset=\"https:\/\/www.yorku.ca\/about\/wp-content\/uploads\/sites\/23\/2023\/11\/Homepage-NewsExplore-x2-98-1.png 590w, https:\/\/www.yorku.ca\/about\/wp-content\/uploads\/sites\/23\/2023\/11\/Homepage-NewsExplore-x2-98-1-300x169.png 300w\" sizes=\"auto, (max-width: 590px) 100vw, 590px\" \/><\/figure>\n\n\n\n<div class=\"wp-block-group card-body\"><div class=\"wp-block-group__inner-container is-layout-flow wp-block-group-is-layout-flow\">\n<p class=\"card-title font-weight-bold\"><a href=\"https:\/\/www.yorku.ca\/about\/national-day-remembrance\/\" target=\"_blank\" rel=\"noreferrer noopener\">National Day of Remembrance and Action on Violence Against Women Memoria<\/a><a href=\"https:\/\/events.yorku.ca\/events\/national-day-of-remembrance-and-action-on-violence-against-women\/?occurrence=2025-12-05\" target=\"_blank\" rel=\"noreferrer noopener\">l<\/a><\/p>\n\n\n\n<p class=\"card-text\">Participate in 快播视频\u2019s annual memorial ceremony on Dec. 5 from 10:30 to 11:30 a.m. at the Bergeron Centre for Engineering Excellence. Community members at Glendon and Markham campuses are encouraged to gather for the livestream at their respective locations.&nbsp;&nbsp;<\/p>\n<\/div><\/div>\n<\/div>\n\n\n\n<div class=\"wp-block-column card rounded-0 is-layout-flow wp-block-column-is-layout-flow\">\n<figure class=\"wp-block-image size-large mb-0\"><img loading=\"lazy\" decoding=\"async\" width=\"1024\" height=\"576\" src=\"https:\/\/www.yorku.ca\/about\/wp-content\/uploads\/sites\/23\/2024\/11\/TheCentre-202411-16DaysofActivism-WebTitleCard-1024x576.png\" alt=\"\" class=\"wp-image-15511\" srcset=\"https:\/\/www.yorku.ca\/about\/wp-content\/uploads\/sites\/23\/2024\/11\/TheCentre-202411-16DaysofActivism-WebTitleCard-1024x576.png 1024w, https:\/\/www.yorku.ca\/about\/wp-content\/uploads\/sites\/23\/2024\/11\/TheCentre-202411-16DaysofActivism-WebTitleCard-300x169.png 300w, https:\/\/www.yorku.ca\/about\/wp-content\/uploads\/sites\/23\/2024\/11\/TheCentre-202411-16DaysofActivism-WebTitleCard-1536x864.png 1536w, https:\/\/www.yorku.ca\/about\/wp-content\/uploads\/sites\/23\/2024\/11\/TheCentre-202411-16DaysofActivism-WebTitleCard-2048x1152.png 2048w\" sizes=\"auto, (max-width: 1024px) 100vw, 1024px\" \/><\/figure>\n\n\n\n<div class=\"wp-block-group card-body\"><div class=\"wp-block-group__inner-container is-layout-flow wp-block-group-is-layout-flow\">\n<p class=\"card-title font-weight-bold\"><a href=\"https:\/\/thecentre.yorku.ca\/16-days-of-activism\" target=\"_blank\" rel=\"noreferrer noopener\">16 Days of Activism Against Gender-based Violence<\/a><\/p>\n\n\n\n<p class=\"card-text\">The Centre for Sexual Violence Response, Support &amp; Education and partners are hosting a series of events for York community members in recognition of the 16 Days of Activism Against Gender-based Violence.  <\/p>\n<\/div><\/div>\n<\/div>\n\n\n\n<div class=\"wp-block-column card rounded-0 is-layout-flow wp-block-column-is-layout-flow\">\n<figure class=\"wp-block-image size-full mb-0\"><img loading=\"lazy\" decoding=\"async\" width=\"590\" height=\"332\" src=\"https:\/\/www.yorku.ca\/about\/wp-content\/uploads\/sites\/23\/2023\/11\/Homepage-NewsExplore-x2-98-1.png\" alt=\"\" class=\"wp-image-15111\" srcset=\"https:\/\/www.yorku.ca\/about\/wp-content\/uploads\/sites\/23\/2023\/11\/Homepage-NewsExplore-x2-98-1.png 590w, https:\/\/www.yorku.ca\/about\/wp-content\/uploads\/sites\/23\/2023\/11\/Homepage-NewsExplore-x2-98-1-300x169.png 300w\" sizes=\"auto, (max-width: 590px) 100vw, 590px\" \/><\/figure>\n\n\n\n<div class=\"wp-block-group card-body\"><div class=\"wp-block-group__inner-container is-layout-flow wp-block-group-is-layout-flow\">\n<p class=\"card-text\">York joins communities across Canada to honour victims of gender-based violence. An <a href=\"https:\/\/www.yorku.ca\/yfile\/2025\/11\/21\/join-yorks-memorial-to-honour-victims-of-gender-based-violence\/\" target=\"_blank\" rel=\"noreferrer noopener\">institutional statement<\/a> was issued, co-signed by Rhonda Lenton, President &amp; Vice-Chancellor, Laina Y. Bay-Cheng, Professor and Vice-President Equity, People &amp; Culture and Jane Goodyer, Dean, Lassonde School of Engineering. The French version of the statement is also available <a href=\"https:\/\/www.yorku.ca\/yfile\/2025\/11\/21\/assistez-a-la-ceremonie-commemorative-de-york-a-la-memoire-des-victimes-de-la-violence-basee-sur-le-genre\/\" target=\"_blank\" rel=\"noreferrer noopener\">here<\/a>.&nbsp;&nbsp;&nbsp;&nbsp;<\/p>\n<\/div><\/div>\n<\/div>\n<\/div>\n\n\n\n<div style=\"height:30px\" aria-hidden=\"true\" class=\"wp-block-spacer\"><\/div>\n\n\n\n<div class=\"wp-block-buttons is-layout-flex wp-block-buttons-is-layout-flex\">\n<div class=\"wp-block-button bg-primary-2 text-white rounded-0 learnmore-block p-2\"><a class=\"wp-block-button__link has-text-color has-background no-border-radius wp-element-button\" href=\"https:\/\/webcastguru.zoom.us\/j\/87459101114?pwd=mv1ylaZJQsaU7hzxDa7RXsj3aOH7kP.1\" style=\"color:#ffffff;background-color:#810001\" target=\"_blank\" rel=\"noreferrer noopener\">Live Stream <i class=\"fas fa-chevron-right small pl-2\"><\/i><\/a><\/div>\n<\/div>\n\n\n\n<figure class=\"wp-block-embed is-type-video is-provider-youtube wp-block-embed-youtube wp-embed-aspect-16-9 wp-has-aspect-ratio\"><div class=\"wp-block-embed__wrapper\">\n<iframe loading=\"lazy\" title=\"The National Day of Remembrance and Action on Violence Against Women\" width=\"1778\" height=\"1000\" src=\"https:\/\/www.youtube.com\/embed\/EHgtt74gg6s?feature=oembed\" frameborder=\"0\" allow=\"accelerometer; autoplay; clipboard-write; encrypted-media; gyroscope; picture-in-picture; web-share\" referrerpolicy=\"strict-origin-when-cross-origin\" allowfullscreen><\/iframe>\n<\/div><\/figure>\n\n\n\n<p><em><strong>Content warning: <\/strong>We recognize that each one of us has personal histories and struggles. As such, please note that community events and the memorial ceremony will mention different forms of sexual violence including sexual assault, sexual harassment and murder. Please prioritize your health and well-being and take the space that you need for each event. For more resources and supports, community members can contact the Centre for Sexual Violence Response Support &amp; Education (<a href=\"mailto:thecentre@yorku.ca\">thecentre@yorku.ca<\/a>).<\/em><\/p>\n\n\n\n<div style=\"height:30px\" aria-hidden=\"true\" class=\"wp-block-spacer\"><\/div>\n\n\n\n<h2 class=\"wp-block-heading\">快播视频 Research<\/h2>\n\n\n\n<p>Learn more about 快播视频\u2019s leading research in women and girls\u2019 health &amp; well-being<\/p>\n\n\n\n<div class=\"wp-block-group is-vertical is-layout-flex wp-container-core-group-is-layout-8cf370e7 wp-block-group-is-layout-flex\">\n<ul class=\"wp-block-list\">\n<li><a href=\"https:\/\/nkhanlou.info.yorku.ca\/\" target=\"_blank\" rel=\"noreferrer noopener\">Office of Women's Health Research Chair in Mental Health<\/a>\u200b<\/li>\n\n\n\n<li><a href=\"https:\/\/link.springer.com\/article\/10.1007\/s40615-021-01146-w\" target=\"_blank\" rel=\"noreferrer noopener\">2020 <\/a><a href=\"https:\/\/link.springer.com\/article\/10.1007\/s40615-021-01146-w\" target=\"_blank\" rel=\"noreferrer noopener\">Syndemic<\/a><a href=\"https:\/\/link.springer.com\/article\/10.1007\/s40615-021-01146-w\" target=\"_blank\" rel=\"noreferrer noopener\">: Convergence of COVID-19, gender-based violence, and racism pandemics<\/a>\u200b<\/li>\n\n\n\n<li><a href=\"https:\/\/nkhanlou.info.yorku.ca\/files\/2020\/11\/Khanlou_COVID19-Pandemic-guidelines-for-mental-health-support-of-racialized-women-at-risk-of-GBV.Nov2020.pdf?x46752\" target=\"_blank\" rel=\"noreferrer noopener\">Report COVID19 Pandemic guidelines for mental health support of racialized women at risk of GBV [PDF]<\/a>\u200b<\/li>\n\n\n\n<li><a href=\"https:\/\/nkhanlou.info.yorku.ca\/files\/2020\/11\/Khanlou_Policy-Brief-COVID19-Pandemic-guidelines.Nov2020.pdf?x46752\" target=\"_blank\" rel=\"noreferrer noopener\">Policy Brief COVID19 Pandemic guidelines [PDF]<\/a>&nbsp;\u200b<\/li>\n\n\n\n<li><a href=\"https:\/\/nkhanlou.info.yorku.ca\/files\/2020\/07\/Info-Sheet-on-GBV-and-COVID19-pandemic-Khanlou-et-al.22July2020.pdf?x46752\" target=\"_blank\" rel=\"noreferrer noopener\">Information Brief GBV and COVID19 pandemic [PDF]<\/a>\u200b<\/li>\n\n\n\n<li><a href=\"https:\/\/nkhanlou.info.yorku.ca\/files\/2020\/11\/FINAL-Infographic-CIHR-GBV-during-COVID-19-N-Khanlou.pdf?x46752\" target=\"_blank\" rel=\"noreferrer noopener\"><em>Infographic GBV during COVID-19 [PDF]<\/em><\/a><em><\/em>\u200b<\/li>\n\n\n\n<li><a href=\"https:\/\/nkhanlou.info.yorku.ca\/files\/2020\/11\/Khanlou_Mental-health-supports-Toolkit.Nov2020.pdf?x46752\" target=\"_blank\" rel=\"noreferrer noopener\">Toolkit GBV during COVID-19 [PDF]<\/a>&nbsp;\u200b<\/li>\n\n\n\n<li><a href=\"https:\/\/nkhanlou.info.yorku.ca\/files\/2020\/03\/Info-Sheet-14-GBV-Feb-2020.pdf?x46752\" target=\"_blank\" rel=\"noreferrer noopener\">Information Sheet 14: Gender-based violence and refugee youth: Towards trauma-informed practices<\/a>\u200b<\/li>\n\n\n\n<li><a href=\"https:\/\/nkhanlou.info.yorku.ca\/files\/2020\/12\/Info-Sheet-15-GBV-Service-Providers.2020.pdf?x46752\" target=\"_blank\" rel=\"noreferrer noopener\">Information Sheet 15: Service providers' perspectives on trauma-informed care for refugee youth with gender-based violence experiences<\/a>\u200b<\/li>\n<\/ul>\n<\/div>\n\n\n\n<div style=\"height:30px\" aria-hidden=\"true\" class=\"wp-block-spacer\"><\/div>\n\n\n\n<h2 class=\"wp-block-heading\">Support Resources<\/h2>\n\n\n\n<p><a href=\"https:\/\/thecentre.yorku.ca\/\" target=\"_blank\" rel=\"noreferrer noopener\">The Centre for Sexual Violence Response Support and Education<\/a><br><a href=\"https:\/\/www.yorku.ca\/well-being\/resources\/\" target=\"_blank\" rel=\"noreferrer noopener\">Well-being at 快播视频<\/a>&nbsp;<\/p>\n\n\n\n<div style=\"height:30px\" aria-hidden=\"true\" class=\"wp-block-spacer\"><\/div>\n","protected":false},"excerpt":{"rendered":"<p>December 6 is the National Day of Remembrance and Action on Violence Against Women, a time to remember the lives lost and acknowledge the ongoing impact of gender-based violence. As we reflect, we also reaffirm our collective responsibility to stand with survivors, raise awareness, and confront the deep-rooted norms that sustain violence and hate.\u200b York [&hellip;]<\/p>\n","protected":false},"author":1505,"featured_media":15141,"parent":0,"menu_order":0,"comment_status":"closed","ping_status":"closed","template":"secondary-page.php","meta":{"_kad_blocks_custom_css":"","_kad_blocks_head_custom_js":"","_kad_blocks_body_custom_js":"","_kad_blocks_footer_custom_js":"","footnotes":""},"tags":[27,57,41,35,47,34,19],"class_list":["post-15101","page","type-page","status-publish","has-post-thumbnail","hentry","tag-discover","tag-educational-support","tag-sdg-10-reduced-inequality","tag-sdg-4-quality-education","tag-world-issues","tag-york-university","tag-yorku"],"yoast_head":"<!-- This site is optimized with the Yoast SEO plugin v27.4 - https:\/\/yoast.com\/product\/yoast-seo-wordpress\/ -->\n<title>National Day of Remembrance and Action on Violence Against Women at 快播视频<\/title>\n<meta name=\"description\" content=\"December 6 is a time to remember the lives lost and acknowledge the ongoing impact of gender-based violence.\" \/>\n<meta name=\"robots\" content=\"index, follow, max-snippet:-1, max-image-preview:large, max-video-preview:-1\" \/>\n<link rel=\"canonical\" href=\"https:\/\/www.yorku.ca\/about\/national-day-remembrance\/\" \/>\n<meta property=\"og:locale\" content=\"en_US\" \/>\n<meta property=\"og:type\" content=\"article\" \/>\n<meta property=\"og:title\" content=\"National Day of Remembrance and Action on Violence Against Women at 快播视频\" \/>\n<meta property=\"og:description\" content=\"December 6 is a time to remember the lives lost and acknowledge the ongoing impact of gender-based violence.\" \/>\n<meta property=\"og:url\" content=\"https:\/\/www.yorku.ca\/about\/national-day-remembrance\/\" \/>\n<meta property=\"og:site_name\" content=\"About\" \/>\n<meta property=\"article:modified_time\" content=\"2025-12-12T16:30:48+00:00\" \/>\n<meta property=\"og:image\" content=\"https:\/\/www.yorku.ca\/about\/wp-content\/uploads\/sites\/23\/2023\/11\/23112_NtnlDayRembrance_banner.png\" \/>\n\t<meta property=\"og:image:width\" content=\"1642\" \/>\n\t<meta property=\"og:image:height\" content=\"425\" \/>\n\t<meta property=\"og:image:type\" content=\"image\/png\" \/>\n<meta name=\"twitter:card\" content=\"summary_large_image\" \/>\n<meta name=\"twitter:label1\" content=\"Est. reading time\" \/>\n\t<meta name=\"twitter:data1\" content=\"4 minutes\" \/>\n<script type=\"application\/ld+json\" class=\"yoast-schema-graph\">{\"@context\":\"https:\\\/\\\/schema.org\",\"@graph\":[{\"@type\":\"WebPage\",\"@id\":\"https:\\\/\\\/www.yorku.ca\\\/about\\\/national-day-remembrance\\\/\",\"url\":\"https:\\\/\\\/www.yorku.ca\\\/about\\\/national-day-remembrance\\\/\",\"name\":\"National Day of Remembrance and Action on Violence Against Women at 快播视频\",\"isPartOf\":{\"@id\":\"https:\\\/\\\/www.yorku.ca\\\/about\\\/#website\"},\"primaryImageOfPage\":{\"@id\":\"https:\\\/\\\/www.yorku.ca\\\/about\\\/national-day-remembrance\\\/#primaryimage\"},\"image\":{\"@id\":\"https:\\\/\\\/www.yorku.ca\\\/about\\\/national-day-remembrance\\\/#primaryimage\"},\"thumbnailUrl\":\"https:\\\/\\\/www.yorku.ca\\\/about\\\/wp-content\\\/uploads\\\/sites\\\/23\\\/2023\\\/11\\\/23112_NtnlDayRembrance_banner.png\",\"datePublished\":\"2023-11-21T17:47:32+00:00\",\"dateModified\":\"2025-12-12T16:30:48+00:00\",\"description\":\"December 6 is a time to remember the lives lost and acknowledge the ongoing impact of gender-based violence.\",\"breadcrumb\":{\"@id\":\"https:\\\/\\\/www.yorku.ca\\\/about\\\/national-day-remembrance\\\/#breadcrumb\"},\"inLanguage\":\"en-US\",\"potentialAction\":[{\"@type\":\"ReadAction\",\"target\":[\"https:\\\/\\\/www.yorku.ca\\\/about\\\/national-day-remembrance\\\/\"]}]},{\"@type\":\"ImageObject\",\"inLanguage\":\"en-US\",\"@id\":\"https:\\\/\\\/www.yorku.ca\\\/about\\\/national-day-remembrance\\\/#primaryimage\",\"url\":\"https:\\\/\\\/www.yorku.ca\\\/about\\\/wp-content\\\/uploads\\\/sites\\\/23\\\/2023\\\/11\\\/23112_NtnlDayRembrance_banner.png\",\"contentUrl\":\"https:\\\/\\\/www.yorku.ca\\\/about\\\/wp-content\\\/uploads\\\/sites\\\/23\\\/2023\\\/11\\\/23112_NtnlDayRembrance_banner.png\",\"width\":1642,\"height\":425},{\"@type\":\"BreadcrumbList\",\"@id\":\"https:\\\/\\\/www.yorku.ca\\\/about\\\/national-day-remembrance\\\/#breadcrumb\",\"itemListElement\":[{\"@type\":\"ListItem\",\"position\":1,\"name\":\"Home\",\"item\":\"https:\\\/\\\/www.yorku.ca\\\/about\\\/\"},{\"@type\":\"ListItem\",\"position\":2,\"name\":\"National Day of Remembrance and Action on Violence Against Women\"}]},{\"@type\":\"WebSite\",\"@id\":\"https:\\\/\\\/www.yorku.ca\\\/about\\\/#website\",\"url\":\"https:\\\/\\\/www.yorku.ca\\\/about\\\/\",\"name\":\"About\",\"description\":\"Together we are making things right for our communities, our planet, and our future.\",\"potentialAction\":[{\"@type\":\"SearchAction\",\"target\":{\"@type\":\"EntryPoint\",\"urlTemplate\":\"https:\\\/\\\/www.yorku.ca\\\/about\\\/?s={search_term_string}\"},\"query-input\":{\"@type\":\"PropertyValueSpecification\",\"valueRequired\":true,\"valueName\":\"search_term_string\"}}],\"inLanguage\":\"en-US\"}]}<\/script>\n<!-- \/ Yoast SEO plugin. -->","yoast_head_json":{"title":"National Day of Remembrance and Action on Violence Against Women at 快播视频","description":"December 6 is a time to remember the lives lost and acknowledge the ongoing impact of gender-based violence.","robots":{"index":"index","follow":"follow","max-snippet":"max-snippet:-1","max-image-preview":"max-image-preview:large","max-video-preview":"max-video-preview:-1"},"canonical":"https:\/\/www.yorku.ca\/about\/national-day-remembrance\/","og_locale":"en_US","og_type":"article","og_title":"National Day of Remembrance and Action on Violence Against Women at 快播视频","og_description":"December 6 is a time to remember the lives lost and acknowledge the ongoing impact of gender-based violence.","og_url":"https:\/\/www.yorku.ca\/about\/national-day-remembrance\/","og_site_name":"About","article_modified_time":"2025-12-12T16:30:48+00:00","og_image":[{"width":1642,"height":425,"url":"https:\/\/www.yorku.ca\/about\/wp-content\/uploads\/sites\/23\/2023\/11\/23112_NtnlDayRembrance_banner.png","type":"image\/png"}],"twitter_card":"summary_large_image","twitter_misc":{"Est. reading time":"4 minutes"},"schema":{"@context":"https:\/\/schema.org","@graph":[{"@type":"WebPage","@id":"https:\/\/www.yorku.ca\/about\/national-day-remembrance\/","url":"https:\/\/www.yorku.ca\/about\/national-day-remembrance\/","name":"National Day of Remembrance and Action on Violence Against Women at 快播视频","isPartOf":{"@id":"https:\/\/www.yorku.ca\/about\/#website"},"primaryImageOfPage":{"@id":"https:\/\/www.yorku.ca\/about\/national-day-remembrance\/#primaryimage"},"image":{"@id":"https:\/\/www.yorku.ca\/about\/national-day-remembrance\/#primaryimage"},"thumbnailUrl":"https:\/\/www.yorku.ca\/about\/wp-content\/uploads\/sites\/23\/2023\/11\/23112_NtnlDayRembrance_banner.png","datePublished":"2023-11-21T17:47:32+00:00","dateModified":"2025-12-12T16:30:48+00:00","description":"December 6 is a time to remember the lives lost and acknowledge the ongoing impact of gender-based violence.","breadcrumb":{"@id":"https:\/\/www.yorku.ca\/about\/national-day-remembrance\/#breadcrumb"},"inLanguage":"en-US","potentialAction":[{"@type":"ReadAction","target":["https:\/\/www.yorku.ca\/about\/national-day-remembrance\/"]}]},{"@type":"ImageObject","inLanguage":"en-US","@id":"https:\/\/www.yorku.ca\/about\/national-day-remembrance\/#primaryimage","url":"https:\/\/www.yorku.ca\/about\/wp-content\/uploads\/sites\/23\/2023\/11\/23112_NtnlDayRembrance_banner.png","contentUrl":"https:\/\/www.yorku.ca\/about\/wp-content\/uploads\/sites\/23\/2023\/11\/23112_NtnlDayRembrance_banner.png","width":1642,"height":425},{"@type":"BreadcrumbList","@id":"https:\/\/www.yorku.ca\/about\/national-day-remembrance\/#breadcrumb","itemListElement":[{"@type":"ListItem","position":1,"name":"Home","item":"https:\/\/www.yorku.ca\/about\/"},{"@type":"ListItem","position":2,"name":"National Day of Remembrance and Action on Violence Against Women"}]},{"@type":"WebSite","@id":"https:\/\/www.yorku.ca\/about\/#website","url":"https:\/\/www.yorku.ca\/about\/","name":"About","description":"Together we are making things right for our communities, our planet, and our future.","potentialAction":[{"@type":"SearchAction","target":{"@type":"EntryPoint","urlTemplate":"https:\/\/www.yorku.ca\/about\/?s={search_term_string}"},"query-input":{"@type":"PropertyValueSpecification","valueRequired":true,"valueName":"search_term_string"}}],"inLanguage":"en-US"}]}},"taxonomy_info":{"post_tag":[{"value":27,"label":"Discover"},{"value":57,"label":"Educational Support"},{"value":41,"label":"SDG 10: Reduced Inequality"},{"value":35,"label":"SDG 4: Quality Education"},{"value":47,"label":"World Issues"},{"value":34,"label":"快播视频"},{"value":19,"label":"YorkU"}]},"featured_image_src_large":["https:\/\/www.yorku.ca\/about\/wp-content\/uploads\/sites\/23\/2023\/11\/23112_NtnlDayRembrance_banner-1024x265.png",1024,265,true],"author_info":{"display_name":"clazo","author_link":"https:\/\/www.yorku.ca\/about\/author\/clazo\/"},"comment_info":0,"_links":{"self":[{"href":"https:\/\/www.yorku.ca\/about\/wp-json\/wp\/v2\/pages\/15101","targetHints":{"allow":["GET"]}}],"collection":[{"href":"https:\/\/www.yorku.ca\/about\/wp-json\/wp\/v2\/pages"}],"about":[{"href":"https:\/\/www.yorku.ca\/about\/wp-json\/wp\/v2\/types\/page"}],"author":[{"embeddable":true,"href":"https:\/\/www.yorku.ca\/about\/wp-json\/wp\/v2\/users\/1505"}],"replies":[{"embeddable":true,"href":"https:\/\/www.yorku.ca\/about\/wp-json\/wp\/v2\/comments?post=15101"}],"version-history":[{"count":42,"href":"https:\/\/www.yorku.ca\/about\/wp-json\/wp\/v2\/pages\/15101\/revisions"}],"predecessor-version":[{"id":15980,"href":"https:\/\/www.yorku.ca\/about\/wp-json\/wp\/v2\/pages\/15101\/revisions\/15980"}],"wp:featuredmedia":[{"embeddable":true,"href":"https:\/\/www.yorku.ca\/about\/wp-json\/wp\/v2\/media\/15141"}],"wp:attachment":[{"href":"https:\/\/www.yorku.ca\/about\/wp-json\/wp\/v2\/media?parent=15101"}],"wp:term":[{"taxonomy":"post_tag","embeddable":true,"href":"https:\/\/www.yorku.ca\/about\/wp-json\/wp\/v2\/tags?post=15101"}],"curies":[{"name":"wp","href":"https:\/\/api.w.org\/{rel}","templated":true}]}}